{"id":98,"date":"2025-02-04T15:22:06","date_gmt":"2025-02-04T15:22:06","guid":{"rendered":"https:\/\/staging.psyconfidens.nl\/?page_id=98"},"modified":"2025-02-25T14:22:16","modified_gmt":"2025-02-25T14:22:16","slug":"turkce","status":"publish","type":"page","link":"https:\/\/staging.psyconfidens.nl\/?page_id=98","title":{"rendered":"T\u00fcrk\u00e7e"},"content":{"rendered":"\n<p><\/p>\n\n\n\n<h2 class=\"wp-block-heading\">Merhaba<\/h2>\n\n\n\n<p>Ad\u0131m Adnan Kurt. 2009\u2019dan beri Den Haag ve \u00e7evresinde ba\u011f\u0131ms\u0131z Sa\u011fl\u0131k Psikolo\u011fu olarak \u00e7al\u0131\u015fmaktay\u0131m.<\/p>\n\n\n\n<blockquote class=\"wp-block-quote is-layout-flow wp-block-quote-is-layout-flow\">\n<p><strong>&#8220;\u0130nan\u0131yorum ki her insan kendi ya\u015fam\u0131nda tek ger\u00e7ek uzmand\u0131r<\/strong><\/p>\n<\/blockquote>\n\n\n\n<h2 class=\"wp-block-heading\">Vas\u0131flar\u0131m<\/h2>\n\n\n\n<p>Bireysel Sa\u011fl\u0131k Psikolo\u011fu Meslek kurulu\u015funa (Beroepen Individuele Gezondheidszorg &#8211; BIG) kay\u0131tl\u0131y\u0131m. Yasa gere\u011fince Registerpsycholoog NIP\/Gezondheidszorgpsycholoog, t\u0131bbi disiplin yasas\u0131na dahil olan korunan bir \u00fcnvand\u0131r. Ayr\u0131ca Hollanda Psikologlar Birli\u011fi\u2019ne (Nederlands Instituut voor Psychologen &#8211; NIP) ve \u0130lk Hatta \u00c7al\u0131\u015fan Psikologlar Derne\u011fi\u2019ne&nbsp;<a href=\"http:\/\/www.psyzorghoflanden.nl\/\">(Zorggroep Psyzorg Hoflanden)<\/a>, \u00fcyeyim. Ayni zamanda&nbsp;<a href=\"https:\/\/www.act-emdrcentrum.nl\/emdr\/emdr-therapeuten\/\">EMDR-Centrum<\/a>&nbsp;derne\u011fine \u00fcyeyim T\u00fcrk\u00e7e a\u00e7\u0131l\u0131m\u0131yla G\u00f6z Hareketleriyle Duyars\u0131zla\u015ft\u0131rma ve Yeniden \u0130\u015fleme. T\u00fcrk\u00e7e bilgi i\u00e7in&nbsp;<a href=\"http:\/\/www.emdr-tr.org\/\">EMDR derne\u011finin<\/a>&nbsp;sitesine bakabilirsiniz.<\/p>\n\n\n\n<h4 class=\"wp-block-heading\" id=\"tedavisundu\u011fumsorunlar\">Tedavi sundu\u011fum sorunlar<\/h4>\n\n\n\n<ul class=\"wp-block-list\">\n<li>Korku, panik ve ruhsal durum \u015fikayetleri (hafif ve orta \u00f6l\u00e7\u00fcl\u00fc depresyon).<\/li>\n\n\n\n<li>Travma tedavisi.<\/li>\n\n\n\n<li>Uyum sa\u011flama problemleri (y\u00fcksek gerginlik, korku, huzursuzluk, ge\u00e7mi\u015f ya\u015fam deneyimleri ve de\u011fi\u015fimler sebebiyle hassasiyet).<\/li>\n\n\n\n<li>Geli\u015fim problemleri, psikiyatrik problemler ve yeti\u015ftirme problemleri olan \u00e7ocuklar\u0131 veya aile \u00fcyeleri olan insanlara destek.<\/li>\n<\/ul>\n\n\n\n<h4 class=\"wp-block-heading\" id=\"nas\u0131l\u00e7al\u0131\u015f\u0131yorum\">Nas\u0131l \u00e7al\u0131\u015f\u0131yorum?<\/h4>\n\n\n\n<p>Psikiyatrist ve ev doktorlar\u0131 ile birlikte \u00e7al\u0131\u015f\u0131yorum. Yard\u0131m talebine ba\u011fl\u0131 olarak bilinen \u00f6l\u00e7\u00fcl\u00fc, planl\u0131, sistematik ve \u00e7\u00f6z\u00fcm ama\u00e7l\u0131 metotlarla \u00e7al\u0131\u015f\u0131yorum. Daha sonra psikoanalitik g\u00f6r\u00fc\u015fleri kullan\u0131yorum.<\/p>\n\n\n\n<p>Tan\u0131\u015fman\u0131n yan\u0131s\u0131ra ilk g\u00f6r\u00fc\u015fmede yard\u0131m istenen konu netle\u015ftirilmektedir. Ayn\u0131 sorun i\u00e7in ayn\u0131 anda birden fazla yard\u0131m g\u00f6revlisinde tedavi al\u0131nmamas\u0131 g\u00f6r\u00fc\u015f\u00fcndeyim. Ayn\u0131 anda ba\u015fka yerde tedavi olmal\u0131ysan\u0131z ya da buna niyetiniz varsa, bunu benimle g\u00f6r\u00fc\u015fmenizi istiyorum.<\/p>\n\n\n\n<h4 class=\"wp-block-heading\" id=\"ba\u015fvuru\">Ba\u015fvuru<\/h4>\n\n\n\n<p>Ba\u015fvuru i\u00e7in ev doktorunuzdan sevk mektubu alman\u0131z gerekir. Bununla birlikte hem telefonla (sal\u0131dan itibaren cuma dahil) hem de yaz\u0131l\u0131 olarak a\u015fa\u011f\u0131daki kontakt form\u00fcl\u00fc arac\u0131l\u0131\u011f\u0131 ile ba\u015fvurabilirsiniz. Ilk randevu i\u00e7in bekleme s\u00fcresi 12 ile 16 hafta aras\u0131 olabilir.<\/p>\n\n\n\n<h4 class=\"wp-block-heading\" id=\"g\u00f6r\u00fc\u015fmeyisonland\u0131rma\">G\u00f6r\u00fc\u015fmeyi sonland\u0131rma<\/h4>\n\n\n\n<p>Tedaviler s\u00fcre olarak ve g\u00f6r\u00fc\u015fme say\u0131s\u0131 bak\u0131m\u0131ndan de\u011fi\u015fir. Bazen bir g\u00f6r\u00fc\u015fme yeterli olurken ba\u015fka durumlarda en iyi sonu\u00e7lar i\u00e7in daha fazla g\u00f6r\u00fc\u015fme gerekebilir. Tedavi s\u00fcrecinin gidi\u015fat\u0131na g\u00f6re, haz\u0131r hissetti\u011finiz zaman bunu kendiniz fark edersiniz ve tedavi sona erdirilebilir. Bende b\u00f6yle bir fikir olu\u015ftu\u011fu zaman, ben de bunu sizinle g\u00f6r\u00fc\u015f\u00fcr\u00fcm.<\/p>\n\n\n\n<h4 class=\"wp-block-heading\" id=\"zorunluki\u015fiselriskverplichteigenrisico\">Zorunlu ki\u015fisel risk (verplicht eigen risico)<\/h4>\n\n\n\n<p>Bu demektir ki; her y\u0131l devlet taraf\u0131ndan belirlenen ki\u015fi ba\u015f\u0131na d\u00fc\u015fen maksimum miktar, temel sigorta paketi olan herkes taraf\u0131ndan \u00f6denmek zorundad\u0131r. 2025 y\u0131l\u0131 i\u00e7in bu miktar ki\u015fi ba\u015f\u0131na \u20ac 385,- dur. Yani psikolojik tedavi al\u0131rsan\u0131z bu zorunlu ki\u015fisel riski sigorta \u015firketiniz sizden alacakt\u0131r.<\/p>\n\n\n\n<h4 class=\"wp-block-heading\" id=\"kendiniz\u00f6derseniz\">Kendiniz \u00f6derseniz<\/h4>\n\n\n\n<p>Sigortan\u0131z\u0131 kullanmad\u0131\u011f\u0131n\u0131z ve kendiniz \u00f6deme yapt\u0131\u011f\u0131n\u0131z zaman, ba\u015fvuru i\u00e7in ev doktorundan sevk mektubu alman\u0131z gerekmez. Bu ko\u015fulda, sizin durumunuza \u00f6zg\u00fc de\u011fi\u015fken tarifeler uygulan\u0131r.<\/p>\n\n\n\n<h4 class=\"wp-block-heading\" id=\"randevuyuiptaletme\">Randevuyu iptal etme<\/h4>\n\n\n\n<p>Randevunuza gelmeniz m\u00fcmk\u00fcn olmad\u0131\u011f\u0131 zaman, bunu en az 24 saat \u00f6ncesinden emaille veya telefonla (gerekirse kay\u0131t cihaz\u0131na) bildirmeniz istenir. \u0130ptal edilmeyen ya da \u00e7ok ge\u00e7 iptal edilen randevular\u0131 \u00f6demek zorundas\u0131n\u0131z.<\/p>\n\n\n\n<h4 class=\"wp-block-heading\" id=\"psikologhakk\u0131nda\u015fikayetler\">Psikolog hakk\u0131nda \u015fikayetler<\/h4>\n\n\n\n<p>\u00c7al\u0131\u015fma y\u00f6ntemimde, Hollanda Psikologlar Birli\u011fi\u2019nin (Nederlands Instituut voor Psychologen &#8211; NIP) belirledi\u011fi, tedavi psikologlar\u0131n\u0131n \u00e7al\u0131\u015fma kalitesinin garantisi i\u00e7in yerine getirmesi zorunlu talepler, esaslar ve davran\u0131\u015f kurallar\u0131n\u0131n yerald\u0131\u011f\u0131 meslek etik kurallar\u0131na ba\u011fl\u0131y\u0131m.<\/p>\n\n\n\n<p>\u015eikayetlerinizi yaz\u0131l\u0131 olarak bu birli\u011fe sunabilirsiniz; t.a.v. het Centraal Bureau Klachtenmanagement in de Zorg (CBKZ)&nbsp;arac\u0131l\u0131\u011f\u0131yla&nbsp;<a href=\"mailto:klachten@cbkz.nl\" target=\"_blank\" rel=\"noreferrer noopener\">klachten@cbkz.nl<\/a>&nbsp;veya posta yoluyla: CBKZ, Antwoordnummer 570, 4200 WB Gorinchem.&nbsp;\u015eikayetler,&nbsp;<a href=\"https:\/\/psynip.nl\/wp-content\/uploads\/2022\/12\/Klachtenformulier-NIP-regeling-1.docx\" target=\"_blank\" rel=\"noreferrer noopener\">\u015fikayet formu<\/a>&nbsp;kullan\u0131larak dijital ortamda iletilebilir.<\/p>\n\n\n\n<p>Daha fazla bilgi i\u00e7in NIP\u2019in internet sitesi:&nbsp;<a href=\"https:\/\/www.psynip.nl\/\">www.psynip.nl<\/a>&nbsp;: \u201cPublieksinformatie\u201d ba\u015fl\u0131\u011f\u0131 alt\u0131nda&nbsp;<a href=\"https:\/\/www.psynip.nl\/uw-beroep\/tuchtrecht-en-klachten\/klachtprocedure\/\">\u201cKlacht over psycholoog?\u201d<\/a>&nbsp;alt ba\u015fl\u0131\u011f\u0131.<\/p>\n\n\n\n<p><\/p>\n","protected":false},"excerpt":{"rendered":"<p>Merhaba Ad\u0131m Adnan Kurt. 2009\u2019dan beri Den Haag ve \u00e7evresinde ba\u011f\u0131ms\u0131z Sa\u011fl\u0131k Psikolo\u011fu olarak \u00e7al\u0131\u015fmaktay\u0131m. &#8220;\u0130nan\u0131yorum ki her insan kendi ya\u015fam\u0131nda tek ger\u00e7ek uzmand\u0131r Vas\u0131flar\u0131m Bireysel Sa\u011fl\u0131k Psikolo\u011fu Meslek kurulu\u015funa (Beroepen Individuele Gezondheidszorg &#8211; BIG) kay\u0131tl\u0131y\u0131m. Yasa gere\u011fince Registerpsycholoog NIP\/Gezondheidszorgpsycholoog, t\u0131bbi disiplin yasas\u0131na dahil olan korunan bir \u00fcnvand\u0131r. Ayr\u0131ca Hollanda Psikologlar Birli\u011fi\u2019ne (Nederlands Instituut voor [&hellip;]<\/p>\n","protected":false},"author":1,"featured_media":0,"parent":0,"menu_order":0,"comment_status":"closed","ping_status":"closed","template":"","meta":{"_eb_attr":"","footnotes":""},"class_list":["post-98","page","type-page","status-publish","hentry"],"_links":{"self":[{"href":"https:\/\/staging.psyconfidens.nl\/index.php?rest_route=\/wp\/v2\/pages\/98","targetHints":{"allow":["GET"]}}],"collection":[{"href":"https:\/\/staging.psyconfidens.nl\/index.php?rest_route=\/wp\/v2\/pages"}],"about":[{"href":"https:\/\/staging.psyconfidens.nl\/index.php?rest_route=\/wp\/v2\/types\/page"}],"author":[{"embeddable":true,"href":"https:\/\/staging.psyconfidens.nl\/index.php?rest_route=\/wp\/v2\/users\/1"}],"replies":[{"embeddable":true,"href":"https:\/\/staging.psyconfidens.nl\/index.php?rest_route=%2Fwp%2Fv2%2Fcomments&post=98"}],"version-history":[{"count":4,"href":"https:\/\/staging.psyconfidens.nl\/index.php?rest_route=\/wp\/v2\/pages\/98\/revisions"}],"predecessor-version":[{"id":129,"href":"https:\/\/staging.psyconfidens.nl\/index.php?rest_route=\/wp\/v2\/pages\/98\/revisions\/129"}],"wp:attachment":[{"href":"https:\/\/staging.psyconfidens.nl\/index.php?rest_route=%2Fwp%2Fv2%2Fmedia&parent=98"}],"curies":[{"name":"wp","href":"https:\/\/api.w.org\/{rel}","templated":true}]}}